{"id":4791,"date":"2025-05-27T12:07:32","date_gmt":"2025-05-27T10:07:32","guid":{"rendered":"https:\/\/www.coverseal.fr\/?post_type=ufaq&#038;p=4791"},"modified":"2025-10-17T11:31:49","modified_gmt":"2025-10-17T09:31:49","slug":"la-membrane-peut-elle-changer-de-couleur-et-quen-est-il-de-lhabillage","status":"publish","type":"ufaq","link":"https:\/\/coverseal.be\/fr\/ufaq\/la-membrane-peut-elle-changer-de-couleur-et-quen-est-il-de-lhabillage\/","title":{"rendered":"La couleur de la membrane et de l\u2019habillage \u00e9volue-t-elle au fil du temps ou avec l\u2019exposition solaire\u202f?"},"content":{"rendered":"<style>.ewd-ufaq-post-margin-symbol { color: #7f351b !important; }.ewd-ufaq-faq-title .ewd-ufaq-post-margin-symbol span { font-size: 22px !important; }div.ewd-ufaq-faq-title h5 { font-family: Lexend !important; }div.ewd-ufaq-faq-title h5 { font-size: 20px !important; }<\/style><div  class=\"ewd-ufaq-faq-list ewd-ufaq-page-type-infinite_scroll ewd-ufaq-category-tabs-\" id='ewd-ufaq-faq-list'>\n\n\t<input type='hidden' name='show_on_load' value='' id='ewd-ufaq-show-on-load' \/>\n<input type='hidden' name='include_category' value='' id='ewd-ufaq-include-category' \/>\n<input type='hidden' name='exclude_category' value='' id='ewd-ufaq-exclude-category' \/>\n<input type='hidden' name='orderby' value='title' id='ewd-ufaq-orderby' \/>\n<input type='hidden' name='order' value='asc' id='ewd-ufaq-order' \/>\n<input type='hidden' name='post_count' value='-1' id='ewd-ufaq-post-count' \/>\n<input type='hidden' name='current_url' value='\/fr\/wp-json\/wp\/v2\/ufaq\/4791' id='ewd-ufaq-current-url' \/>\n\t\n\t\n\t<div class='ewd-ufaq-faqs'>\n\n\t\t<div  class=\"ewd-ufaq-faq-div ewd-ufaq-faq-column-count-one ewd-ufaq-faq-responsive-columns- ewd-ufaq-faq-display-style-default ewd-ufaq-can-be-toggled\" id='ewd-ufaq-post-4791-dIe4BZLNio' data-post_id='4791'>\n\n\t\t\n\t<div class='ewd-ufaq-faq-title ewd-ufaq-faq-toggle'>\n\t\n\t<a class='ewd-ufaq-post-margin'  href='#' role=\"button\">\n\n\t\t<div class='ewd-ufaq-post-margin-symbol ewd-ufaq-'>\n\t\t\t<span >B<\/span>\n\t\t<\/div>\n\n\t\t<div class='ewd-ufaq-faq-title-text'>\n\n\t\t\t<h5>\n\t\t\t\tLa couleur de la membrane et de l\u2019habillage \u00e9volue-t-elle au fil du temps ou avec l\u2019exposition solaire\u202f?\t\t\t<\/h5>\n\n\t\t<\/div>\n\n\t\t<div class='ewd-ufaq-clear'><\/div>\n\n\t<\/a>\n\t\n<\/div>\n\t\n\t<div class='ewd-ufaq-faq-body' >\n\n\t\t\n\t\t\t<div class='ewd-ufaq-faq-categories'>\n\t\n\tCategory:\n\t\n\t\tG\u00e9n\u00e9ralit\u00e9s\n\t\n<\/div>\n\t\t\n\t\t\t<div class='ewd-ufaq-post-margin ewd-ufaq-faq-post'>\n\t<div class=\"ewa-rteLine\">Comme tout mat\u00e9riau expos\u00e9 aux rayons UV, la membrane peut pr\u00e9senter une l\u00e9g\u00e8re d\u00e9coloration au fil du temps. Ce ph\u00e9nom\u00e8ne, tout \u00e0 fait naturel, est g\u00e9n\u00e9ralement plus visible sur les teintes fonc\u00e9es. L\u2019habillage de la couverture, pour sa part, est thermolaqu\u00e9. Cette technique offre une peinture particuli\u00e8rement r\u00e9sistante et parfaitement adapt\u00e9e \u00e0 l\u2019environnement d\u2019une piscine. Toutefois, \u00e0 l\u2019image d\u2019une carrosserie automobile, une l\u00e9g\u00e8re d\u00e9coloration peut \u00e9galement appara\u00eetre apr\u00e8s une exposition prolong\u00e9e au soleil. Il existe par ailleurs des habillages dot\u00e9s de finitions sp\u00e9cifiques, telles qu\u2019un effet miroir ou un effet m\u00e9tal. R\u00e9alis\u00e9s \u00e0 partir de panneaux composites, ces mod\u00e8les conservent durablement leur aspect et leur qualit\u00e9 au fil des ann\u00e9es.<\/div>\n<\/div>\n\t\t\n\t\t\t\n\t\t\n\t\t\t\n\t\t\n\t\t\t\n\t\t\n\t\t\t\n\t\t\n\t\t\t\n\t\t\n\t\t\t\n\t\t\n\t\t\t\n\t\t\n\t\t\t\n\t\t\n\t<\/div>\n\n<\/div>\n\t<\/div>\n\n\t\n<\/div>","protected":false},"excerpt":{"rendered":"<p>B La couleur de la membrane et de l\u2019habillage \u00e9volue-t-elle au fil du temps ou avec l\u2019exposition solaire\u202f? Category: G\u00e9n\u00e9ralit\u00e9s Comme tout mat\u00e9riau expos\u00e9 aux rayons UV, la membrane peut pr\u00e9senter une l\u00e9g\u00e8re d\u00e9coloration au fil du temps. Ce ph\u00e9nom\u00e8ne, tout \u00e0 fait naturel, est g\u00e9n\u00e9ralement plus visible sur les teintes fonc\u00e9es. L\u2019habillage de la [&hellip;]<\/p>\n","protected":false},"author":19,"featured_media":0,"comment_status":"closed","ping_status":"closed","template":"","ufaq-category":[33],"ufaq-tag":[],"class_list":["post-4791","ufaq","type-ufaq","status-publish","hentry","ufaq-category-generalite"],"yoast_head":"<!-- This site is optimized with the Yoast SEO plugin v27.5 - https:\/\/yoast.com\/product\/yoast-seo-wordpress\/ -->\n<title>La couleur de la membrane et de l\u2019habillage \u00e9volue-t-elle au fil du temps ou avec l\u2019exposition solaire\u202f? | Coverseal<\/title>\n<meta name=\"robots\" content=\"index, follow, max-snippet:-1, max-image-preview:large, max-video-preview:-1\" \/>\n<link rel=\"canonical\" href=\"https:\/\/coverseal.be\/fr\/ufaq\/la-membrane-peut-elle-changer-de-couleur-et-quen-est-il-de-lhabillage\/\" \/>\n<meta property=\"og:locale\" content=\"fr_FR\" \/>\n<meta property=\"og:type\" content=\"article\" \/>\n<meta property=\"og:title\" content=\"La couleur de la membrane et de l\u2019habillage \u00e9volue-t-elle au fil du temps ou avec l\u2019exposition solaire\u202f? | Coverseal\" \/>\n<meta property=\"og:description\" content=\"B La couleur de la membrane et de l\u2019habillage \u00e9volue-t-elle au fil du temps ou avec l\u2019exposition solaire\u202f? Category: G\u00e9n\u00e9ralit\u00e9s Comme tout mat\u00e9riau expos\u00e9 aux rayons UV, la membrane peut pr\u00e9senter une l\u00e9g\u00e8re d\u00e9coloration au fil du temps. Ce ph\u00e9nom\u00e8ne, tout \u00e0 fait naturel, est g\u00e9n\u00e9ralement plus visible sur les teintes fonc\u00e9es. L\u2019habillage de la [&hellip;]\" \/>\n<meta property=\"og:url\" content=\"https:\/\/coverseal.be\/fr\/ufaq\/la-membrane-peut-elle-changer-de-couleur-et-quen-est-il-de-lhabillage\/\" \/>\n<meta property=\"og:site_name\" content=\"Coverseal\" \/>\n<meta property=\"article:modified_time\" content=\"2025-10-17T09:31:49+00:00\" \/>\n<meta name=\"twitter:card\" content=\"summary_large_image\" \/>\n<meta name=\"twitter:label1\" content=\"Dur\u00e9e de lecture est.\" \/>\n\t<meta name=\"twitter:data1\" content=\"1 minute\" \/>\n<script type=\"application\/ld+json\" class=\"yoast-schema-graph\">{\"@context\":\"https:\\\/\\\/schema.org\",\"@graph\":[{\"@type\":\"WebPage\",\"@id\":\"https:\\\/\\\/coverseal.be\\\/fr\\\/ufaq\\\/la-membrane-peut-elle-changer-de-couleur-et-quen-est-il-de-lhabillage\\\/\",\"url\":\"https:\\\/\\\/coverseal.be\\\/fr\\\/ufaq\\\/la-membrane-peut-elle-changer-de-couleur-et-quen-est-il-de-lhabillage\\\/\",\"name\":\"La couleur de la membrane et de l\u2019habillage \u00e9volue-t-elle au fil du temps ou avec l\u2019exposition solaire\u202f? | Coverseal\",\"isPartOf\":{\"@id\":\"https:\\\/\\\/coverseal.be\\\/fr\\\/#website\"},\"datePublished\":\"2025-05-27T10:07:32+00:00\",\"dateModified\":\"2025-10-17T09:31:49+00:00\",\"breadcrumb\":{\"@id\":\"https:\\\/\\\/coverseal.be\\\/fr\\\/ufaq\\\/la-membrane-peut-elle-changer-de-couleur-et-quen-est-il-de-lhabillage\\\/#breadcrumb\"},\"inLanguage\":\"fr-BE\",\"potentialAction\":[{\"@type\":\"ReadAction\",\"target\":[\"https:\\\/\\\/coverseal.be\\\/fr\\\/ufaq\\\/la-membrane-peut-elle-changer-de-couleur-et-quen-est-il-de-lhabillage\\\/\"]}]},{\"@type\":\"BreadcrumbList\",\"@id\":\"https:\\\/\\\/coverseal.be\\\/fr\\\/ufaq\\\/la-membrane-peut-elle-changer-de-couleur-et-quen-est-il-de-lhabillage\\\/#breadcrumb\",\"itemListElement\":[{\"@type\":\"ListItem\",\"position\":1,\"name\":\"Accueil\",\"item\":\"https:\\\/\\\/coverseal.be\\\/fr\\\/\"},{\"@type\":\"ListItem\",\"position\":2,\"name\":\"FAQs\",\"item\":\"https:\\\/\\\/coverseal.be\\\/fr\\\/ufaq\\\/\"},{\"@type\":\"ListItem\",\"position\":3,\"name\":\"La couleur de la membrane et de l\u2019habillage \u00e9volue-t-elle au fil du temps ou avec l\u2019exposition solaire\u202f?\"}]},{\"@type\":\"WebSite\",\"@id\":\"https:\\\/\\\/coverseal.be\\\/fr\\\/#website\",\"url\":\"https:\\\/\\\/coverseal.be\\\/fr\\\/\",\"name\":\"Coverseal\",\"description\":\"\",\"potentialAction\":[{\"@type\":\"SearchAction\",\"target\":{\"@type\":\"EntryPoint\",\"urlTemplate\":\"https:\\\/\\\/coverseal.be\\\/fr\\\/?s={search_term_string}\"},\"query-input\":{\"@type\":\"PropertyValueSpecification\",\"valueRequired\":true,\"valueName\":\"search_term_string\"}}],\"inLanguage\":\"fr-BE\"}]}<\/script>\n<!-- \/ Yoast SEO plugin. -->","yoast_head_json":{"title":"La couleur de la membrane et de l\u2019habillage \u00e9volue-t-elle au fil du temps ou avec l\u2019exposition solaire\u202f? | Coverseal","robots":{"index":"index","follow":"follow","max-snippet":"max-snippet:-1","max-image-preview":"max-image-preview:large","max-video-preview":"max-video-preview:-1"},"canonical":"https:\/\/coverseal.be\/fr\/ufaq\/la-membrane-peut-elle-changer-de-couleur-et-quen-est-il-de-lhabillage\/","og_locale":"fr_FR","og_type":"article","og_title":"La couleur de la membrane et de l\u2019habillage \u00e9volue-t-elle au fil du temps ou avec l\u2019exposition solaire\u202f? | Coverseal","og_description":"B La couleur de la membrane et de l\u2019habillage \u00e9volue-t-elle au fil du temps ou avec l\u2019exposition solaire\u202f? Category: G\u00e9n\u00e9ralit\u00e9s Comme tout mat\u00e9riau expos\u00e9 aux rayons UV, la membrane peut pr\u00e9senter une l\u00e9g\u00e8re d\u00e9coloration au fil du temps. Ce ph\u00e9nom\u00e8ne, tout \u00e0 fait naturel, est g\u00e9n\u00e9ralement plus visible sur les teintes fonc\u00e9es. L\u2019habillage de la [&hellip;]","og_url":"https:\/\/coverseal.be\/fr\/ufaq\/la-membrane-peut-elle-changer-de-couleur-et-quen-est-il-de-lhabillage\/","og_site_name":"Coverseal","article_modified_time":"2025-10-17T09:31:49+00:00","twitter_card":"summary_large_image","twitter_misc":{"Dur\u00e9e de lecture est.":"1 minute"},"schema":{"@context":"https:\/\/schema.org","@graph":[{"@type":"WebPage","@id":"https:\/\/coverseal.be\/fr\/ufaq\/la-membrane-peut-elle-changer-de-couleur-et-quen-est-il-de-lhabillage\/","url":"https:\/\/coverseal.be\/fr\/ufaq\/la-membrane-peut-elle-changer-de-couleur-et-quen-est-il-de-lhabillage\/","name":"La couleur de la membrane et de l\u2019habillage \u00e9volue-t-elle au fil du temps ou avec l\u2019exposition solaire\u202f? | Coverseal","isPartOf":{"@id":"https:\/\/coverseal.be\/fr\/#website"},"datePublished":"2025-05-27T10:07:32+00:00","dateModified":"2025-10-17T09:31:49+00:00","breadcrumb":{"@id":"https:\/\/coverseal.be\/fr\/ufaq\/la-membrane-peut-elle-changer-de-couleur-et-quen-est-il-de-lhabillage\/#breadcrumb"},"inLanguage":"fr-BE","potentialAction":[{"@type":"ReadAction","target":["https:\/\/coverseal.be\/fr\/ufaq\/la-membrane-peut-elle-changer-de-couleur-et-quen-est-il-de-lhabillage\/"]}]},{"@type":"BreadcrumbList","@id":"https:\/\/coverseal.be\/fr\/ufaq\/la-membrane-peut-elle-changer-de-couleur-et-quen-est-il-de-lhabillage\/#breadcrumb","itemListElement":[{"@type":"ListItem","position":1,"name":"Accueil","item":"https:\/\/coverseal.be\/fr\/"},{"@type":"ListItem","position":2,"name":"FAQs","item":"https:\/\/coverseal.be\/fr\/ufaq\/"},{"@type":"ListItem","position":3,"name":"La couleur de la membrane et de l\u2019habillage \u00e9volue-t-elle au fil du temps ou avec l\u2019exposition solaire\u202f?"}]},{"@type":"WebSite","@id":"https:\/\/coverseal.be\/fr\/#website","url":"https:\/\/coverseal.be\/fr\/","name":"Coverseal","description":"","potentialAction":[{"@type":"SearchAction","target":{"@type":"EntryPoint","urlTemplate":"https:\/\/coverseal.be\/fr\/?s={search_term_string}"},"query-input":{"@type":"PropertyValueSpecification","valueRequired":true,"valueName":"search_term_string"}}],"inLanguage":"fr-BE"}]}},"_links":{"self":[{"href":"https:\/\/coverseal.be\/fr\/wp-json\/wp\/v2\/ufaq\/4791","targetHints":{"allow":["GET"]}}],"collection":[{"href":"https:\/\/coverseal.be\/fr\/wp-json\/wp\/v2\/ufaq"}],"about":[{"href":"https:\/\/coverseal.be\/fr\/wp-json\/wp\/v2\/types\/ufaq"}],"author":[{"embeddable":true,"href":"https:\/\/coverseal.be\/fr\/wp-json\/wp\/v2\/users\/19"}],"replies":[{"embeddable":true,"href":"https:\/\/coverseal.be\/fr\/wp-json\/wp\/v2\/comments?post=4791"}],"wp:attachment":[{"href":"https:\/\/coverseal.be\/fr\/wp-json\/wp\/v2\/media?parent=4791"}],"wp:term":[{"taxonomy":"ufaq-category","embeddable":true,"href":"https:\/\/coverseal.be\/fr\/wp-json\/wp\/v2\/ufaq-category?post=4791"},{"taxonomy":"ufaq-tag","embeddable":true,"href":"https:\/\/coverseal.be\/fr\/wp-json\/wp\/v2\/ufaq-tag?post=4791"}],"curies":[{"name":"wp","href":"https:\/\/api.w.org\/{rel}","templated":true}]}}