{"id":10434,"date":"2025-05-27T12:13:56","date_gmt":"2025-05-27T10:13:56","guid":{"rendered":"https:\/\/coverseal.be\/ufaq\/faut-il-prevoir-une-intervention-sur-ma-protection-de-piscine-a-lapproche-de-lhiver\/"},"modified":"2025-10-29T21:29:26","modified_gmt":"2025-10-29T20:29:26","slug":"erfordert-die-coverseal-eine-besondere-vorbereitung-fuer-den-winter","status":"publish","type":"ufaq","link":"https:\/\/coverseal.be\/de\/ufaq\/erfordert-die-coverseal-eine-besondere-vorbereitung-fuer-den-winter\/","title":{"rendered":"Erfordert die Coverseal eine besondere Vorbereitung f\u00fcr den Winter?"},"content":{"rendered":"<style>.ewd-ufaq-post-margin-symbol { color: #7f351b !important; }.ewd-ufaq-faq-title .ewd-ufaq-post-margin-symbol span { font-size: 22px !important; }div.ewd-ufaq-faq-title h5 { font-family: Lexend !important; }div.ewd-ufaq-faq-title h5 { font-size: 20px !important; }<\/style><div  class=\"ewd-ufaq-faq-list ewd-ufaq-page-type-infinite_scroll ewd-ufaq-category-tabs-\" id='ewd-ufaq-faq-list'>\n\n\t<input type='hidden' name='show_on_load' value='' id='ewd-ufaq-show-on-load' \/>\n<input type='hidden' name='include_category' value='' id='ewd-ufaq-include-category' \/>\n<input type='hidden' name='exclude_category' value='' id='ewd-ufaq-exclude-category' \/>\n<input type='hidden' name='orderby' value='title' id='ewd-ufaq-orderby' \/>\n<input type='hidden' name='order' value='asc' id='ewd-ufaq-order' \/>\n<input type='hidden' name='post_count' value='-1' id='ewd-ufaq-post-count' \/>\n<input type='hidden' name='current_url' value='\/de\/wp-json\/wp\/v2\/ufaq\/10434' id='ewd-ufaq-current-url' \/>\n\t\n\t\n\t<div class='ewd-ufaq-faqs'>\n\n\t\t<div  class=\"ewd-ufaq-faq-div ewd-ufaq-faq-column-count-one ewd-ufaq-faq-responsive-columns- ewd-ufaq-faq-display-style-default ewd-ufaq-can-be-toggled\" id='ewd-ufaq-post-10434-llSyXQsmc6' data-post_id='10434'>\n\n\t\t\n\t<div class='ewd-ufaq-faq-title ewd-ufaq-faq-toggle'>\n\t\n\t<a class='ewd-ufaq-post-margin'  href='#' role=\"button\">\n\n\t\t<div class='ewd-ufaq-post-margin-symbol ewd-ufaq-'>\n\t\t\t<span >B<\/span>\n\t\t<\/div>\n\n\t\t<div class='ewd-ufaq-faq-title-text'>\n\n\t\t\t<h5>\n\t\t\t\tErfordert die Coverseal eine besondere Vorbereitung f\u00fcr den Winter?\t\t\t<\/h5>\n\n\t\t<\/div>\n\n\t\t<div class='ewd-ufaq-clear'><\/div>\n\n\t<\/a>\n\t\n<\/div>\n\t\n\t<div class='ewd-ufaq-faq-body' >\n\n\t\t\n\t\t\t<div class='ewd-ufaq-faq-categories'>\n\t\n\tKategorie:\n\t\n\t\tAllgemeines\n\t\n<\/div>\n\t\t\n\t\t\t<div class='ewd-ufaq-post-margin ewd-ufaq-faq-post'>\n\t<div class=\"ewa-rteLine\">Im Gegensatz zu anderen Schutzvorrichtungen erfordert die Coverseal-Poolabdeckung beim Nahen der Wintermonate keine besonderen Vorkehrungen. Nach ihrer Einrichtung bleibt sie ohne die Hinzuf\u00fcgung einer spezifischen Vorrichtung f\u00fcr die \u00dcberwinterung vollkommen betriebsf\u00e4hig. Einzige Vorkehrung: Beibehaltung des gew\u00f6hnlichen Wasserstands, damit das Wasser die Membran bei starken Schneef\u00e4llen st\u00fctzt. Dieser Grundsatz sch\u00fctzt die Abdeckung vor der Einwirkung \u00fcberm\u00e4\u00dfiger Kr\u00e4fte.<br \/>\nAls wahres Produkt f\u00fcr 4 Jahreszeiten bewahrt die Coverseal das ganze Jahr \u00fcber ihre Eleganz, wobei Ihr Becken wirksam gesch\u00fctzt wird. Im Fr\u00fchjahr k\u00f6nnen Sie sich \u00fcber ein gesch\u00fctztes Wasser erfreuen; keine Ansammlung von Bl\u00e4ttern und eine beschr\u00e4nkte Photosynthese!<\/div>\n<\/div>\n\t\t\n\t\t\t\n\t\t\n\t\t\t\n\t\t\n\t\t\t\n\t\t\n\t\t\t\n\t\t\n\t\t\t\n\t\t\n\t\t\t\n\t\t\n\t\t\t\n\t\t\n\t\t\t\n\t\t\n\t<\/div>\n\n<\/div>\n\t<\/div>\n\n\t\n<\/div>","protected":false},"excerpt":{"rendered":"<p>B Erfordert die Coverseal eine besondere Vorbereitung f\u00fcr den Winter? Kategorie: Allgemeines Im Gegensatz zu anderen Schutzvorrichtungen erfordert die Coverseal-Poolabdeckung beim Nahen der Wintermonate keine besonderen Vorkehrungen. Nach ihrer Einrichtung bleibt sie ohne die Hinzuf\u00fcgung einer spezifischen Vorrichtung f\u00fcr die \u00dcberwinterung vollkommen betriebsf\u00e4hig. Einzige Vorkehrung: Beibehaltung des gew\u00f6hnlichen Wasserstands, damit das Wasser die Membran bei [&hellip;]<\/p>\n","protected":false},"author":19,"featured_media":0,"comment_status":"closed","ping_status":"closed","template":"","ufaq-category":[70],"ufaq-tag":[],"class_list":["post-10434","ufaq","type-ufaq","status-publish","hentry","ufaq-category-allgemeines"],"yoast_head":"<!-- This site is optimized with the Yoast SEO plugin v27.5 - https:\/\/yoast.com\/product\/yoast-seo-wordpress\/ -->\n<title>Erfordert die Coverseal eine besondere Vorbereitung f\u00fcr den Winter? | Coverseal<\/title>\n<meta name=\"description\" content=\"Im Gegensatz zu anderen Schutzvorrichtungen erfordert die Coverseal-Poolabdeckung beim Nahen der Wintermonate keine besonderen Vorkehrungen.\" \/>\n<meta name=\"robots\" content=\"index, follow, max-snippet:-1, max-image-preview:large, max-video-preview:-1\" \/>\n<link rel=\"canonical\" href=\"https:\/\/coverseal.be\/de\/ufaq\/erfordert-die-coverseal-eine-besondere-vorbereitung-fuer-den-winter\/\" \/>\n<meta property=\"og:locale\" content=\"de_DE\" \/>\n<meta property=\"og:type\" content=\"article\" \/>\n<meta property=\"og:title\" content=\"Erfordert die Coverseal eine besondere Vorbereitung f\u00fcr den Winter? | Coverseal\" \/>\n<meta property=\"og:description\" content=\"Im Gegensatz zu anderen Schutzvorrichtungen erfordert die Coverseal-Poolabdeckung beim Nahen der Wintermonate keine besonderen Vorkehrungen.\" \/>\n<meta property=\"og:url\" content=\"https:\/\/coverseal.be\/de\/ufaq\/erfordert-die-coverseal-eine-besondere-vorbereitung-fuer-den-winter\/\" \/>\n<meta property=\"og:site_name\" content=\"Coverseal\" \/>\n<meta property=\"article:modified_time\" content=\"2025-10-29T20:29:26+00:00\" \/>\n<meta name=\"twitter:card\" content=\"summary_large_image\" \/>\n<meta name=\"twitter:label1\" content=\"Gesch\u00e4tzte Lesezeit\" \/>\n\t<meta name=\"twitter:data1\" content=\"1\u00a0Minute\" \/>\n<script type=\"application\/ld+json\" class=\"yoast-schema-graph\">{\"@context\":\"https:\\\/\\\/schema.org\",\"@graph\":[{\"@type\":\"WebPage\",\"@id\":\"https:\\\/\\\/coverseal.be\\\/de\\\/ufaq\\\/erfordert-die-coverseal-eine-besondere-vorbereitung-fuer-den-winter\\\/\",\"url\":\"https:\\\/\\\/coverseal.be\\\/de\\\/ufaq\\\/erfordert-die-coverseal-eine-besondere-vorbereitung-fuer-den-winter\\\/\",\"name\":\"Erfordert die Coverseal eine besondere Vorbereitung f\u00fcr den Winter? | Coverseal\",\"isPartOf\":{\"@id\":\"https:\\\/\\\/coverseal.be\\\/de\\\/#website\"},\"datePublished\":\"2025-05-27T10:13:56+00:00\",\"dateModified\":\"2025-10-29T20:29:26+00:00\",\"description\":\"Im Gegensatz zu anderen Schutzvorrichtungen erfordert die Coverseal-Poolabdeckung beim Nahen der Wintermonate keine besonderen Vorkehrungen.\",\"breadcrumb\":{\"@id\":\"https:\\\/\\\/coverseal.be\\\/de\\\/ufaq\\\/erfordert-die-coverseal-eine-besondere-vorbereitung-fuer-den-winter\\\/#breadcrumb\"},\"inLanguage\":\"de\",\"potentialAction\":[{\"@type\":\"ReadAction\",\"target\":[\"https:\\\/\\\/coverseal.be\\\/de\\\/ufaq\\\/erfordert-die-coverseal-eine-besondere-vorbereitung-fuer-den-winter\\\/\"]}]},{\"@type\":\"BreadcrumbList\",\"@id\":\"https:\\\/\\\/coverseal.be\\\/de\\\/ufaq\\\/erfordert-die-coverseal-eine-besondere-vorbereitung-fuer-den-winter\\\/#breadcrumb\",\"itemListElement\":[{\"@type\":\"ListItem\",\"position\":1,\"name\":\"Accueil\",\"item\":\"https:\\\/\\\/coverseal.be\\\/de\\\/\"},{\"@type\":\"ListItem\",\"position\":2,\"name\":\"FAQs\",\"item\":\"https:\\\/\\\/coverseal.be\\\/de\\\/ufaq\\\/\"},{\"@type\":\"ListItem\",\"position\":3,\"name\":\"Erfordert die Coverseal eine besondere Vorbereitung f\u00fcr den Winter?\"}]},{\"@type\":\"WebSite\",\"@id\":\"https:\\\/\\\/coverseal.be\\\/de\\\/#website\",\"url\":\"https:\\\/\\\/coverseal.be\\\/de\\\/\",\"name\":\"Coverseal\",\"description\":\"\",\"potentialAction\":[{\"@type\":\"SearchAction\",\"target\":{\"@type\":\"EntryPoint\",\"urlTemplate\":\"https:\\\/\\\/coverseal.be\\\/de\\\/?s={search_term_string}\"},\"query-input\":{\"@type\":\"PropertyValueSpecification\",\"valueRequired\":true,\"valueName\":\"search_term_string\"}}],\"inLanguage\":\"de\"}]}<\/script>\n<!-- \/ Yoast SEO plugin. -->","yoast_head_json":{"title":"Erfordert die Coverseal eine besondere Vorbereitung f\u00fcr den Winter? | Coverseal","description":"Im Gegensatz zu anderen Schutzvorrichtungen erfordert die Coverseal-Poolabdeckung beim Nahen der Wintermonate keine besonderen Vorkehrungen.","robots":{"index":"index","follow":"follow","max-snippet":"max-snippet:-1","max-image-preview":"max-image-preview:large","max-video-preview":"max-video-preview:-1"},"canonical":"https:\/\/coverseal.be\/de\/ufaq\/erfordert-die-coverseal-eine-besondere-vorbereitung-fuer-den-winter\/","og_locale":"de_DE","og_type":"article","og_title":"Erfordert die Coverseal eine besondere Vorbereitung f\u00fcr den Winter? | Coverseal","og_description":"Im Gegensatz zu anderen Schutzvorrichtungen erfordert die Coverseal-Poolabdeckung beim Nahen der Wintermonate keine besonderen Vorkehrungen.","og_url":"https:\/\/coverseal.be\/de\/ufaq\/erfordert-die-coverseal-eine-besondere-vorbereitung-fuer-den-winter\/","og_site_name":"Coverseal","article_modified_time":"2025-10-29T20:29:26+00:00","twitter_card":"summary_large_image","twitter_misc":{"Gesch\u00e4tzte Lesezeit":"1\u00a0Minute"},"schema":{"@context":"https:\/\/schema.org","@graph":[{"@type":"WebPage","@id":"https:\/\/coverseal.be\/de\/ufaq\/erfordert-die-coverseal-eine-besondere-vorbereitung-fuer-den-winter\/","url":"https:\/\/coverseal.be\/de\/ufaq\/erfordert-die-coverseal-eine-besondere-vorbereitung-fuer-den-winter\/","name":"Erfordert die Coverseal eine besondere Vorbereitung f\u00fcr den Winter? | Coverseal","isPartOf":{"@id":"https:\/\/coverseal.be\/de\/#website"},"datePublished":"2025-05-27T10:13:56+00:00","dateModified":"2025-10-29T20:29:26+00:00","description":"Im Gegensatz zu anderen Schutzvorrichtungen erfordert die Coverseal-Poolabdeckung beim Nahen der Wintermonate keine besonderen Vorkehrungen.","breadcrumb":{"@id":"https:\/\/coverseal.be\/de\/ufaq\/erfordert-die-coverseal-eine-besondere-vorbereitung-fuer-den-winter\/#breadcrumb"},"inLanguage":"de","potentialAction":[{"@type":"ReadAction","target":["https:\/\/coverseal.be\/de\/ufaq\/erfordert-die-coverseal-eine-besondere-vorbereitung-fuer-den-winter\/"]}]},{"@type":"BreadcrumbList","@id":"https:\/\/coverseal.be\/de\/ufaq\/erfordert-die-coverseal-eine-besondere-vorbereitung-fuer-den-winter\/#breadcrumb","itemListElement":[{"@type":"ListItem","position":1,"name":"Accueil","item":"https:\/\/coverseal.be\/de\/"},{"@type":"ListItem","position":2,"name":"FAQs","item":"https:\/\/coverseal.be\/de\/ufaq\/"},{"@type":"ListItem","position":3,"name":"Erfordert die Coverseal eine besondere Vorbereitung f\u00fcr den Winter?"}]},{"@type":"WebSite","@id":"https:\/\/coverseal.be\/de\/#website","url":"https:\/\/coverseal.be\/de\/","name":"Coverseal","description":"","potentialAction":[{"@type":"SearchAction","target":{"@type":"EntryPoint","urlTemplate":"https:\/\/coverseal.be\/de\/?s={search_term_string}"},"query-input":{"@type":"PropertyValueSpecification","valueRequired":true,"valueName":"search_term_string"}}],"inLanguage":"de"}]}},"_links":{"self":[{"href":"https:\/\/coverseal.be\/de\/wp-json\/wp\/v2\/ufaq\/10434","targetHints":{"allow":["GET"]}}],"collection":[{"href":"https:\/\/coverseal.be\/de\/wp-json\/wp\/v2\/ufaq"}],"about":[{"href":"https:\/\/coverseal.be\/de\/wp-json\/wp\/v2\/types\/ufaq"}],"author":[{"embeddable":true,"href":"https:\/\/coverseal.be\/de\/wp-json\/wp\/v2\/users\/19"}],"replies":[{"embeddable":true,"href":"https:\/\/coverseal.be\/de\/wp-json\/wp\/v2\/comments?post=10434"}],"wp:attachment":[{"href":"https:\/\/coverseal.be\/de\/wp-json\/wp\/v2\/media?parent=10434"}],"wp:term":[{"taxonomy":"ufaq-category","embeddable":true,"href":"https:\/\/coverseal.be\/de\/wp-json\/wp\/v2\/ufaq-category?post=10434"},{"taxonomy":"ufaq-tag","embeddable":true,"href":"https:\/\/coverseal.be\/de\/wp-json\/wp\/v2\/ufaq-tag?post=10434"}],"curies":[{"name":"wp","href":"https:\/\/api.w.org\/{rel}","templated":true}]}}